{"id":55,"date":"2020-06-29T10:10:50","date_gmt":"2020-06-29T10:10:50","guid":{"rendered":"https:\/\/site1.ctfc.cat\/?page_id=55"},"modified":"2020-10-29T14:06:19","modified_gmt":"2020-10-29T14:06:19","slug":"pla-de-riart","status":"publish","type":"page","link":"https:\/\/farratgem.ecofun.ctfc.cat\/index.php\/pla-de-riart\/","title":{"rendered":"Pla de Riart"},"content":{"rendered":"\n<h2 class=\"wp-block-heading\">Un experiment a llarg termini sobre el potencial de mitigaci\u00f3 de canvi clim\u00e0tic de les barreges farratgeres<\/h2>\n\n\n\n<p>El Pla de Riart (Lladurs;&nbsp;42\u00b0 03&#8242; 48&#8243;&nbsp;N, 1\u00b0 30&#8242; 48&#8243;&nbsp;E) \u00e9s un prat de dall, on el <a href=\"http:\/\/ecofun.ctfc.cat\/\">Laboratori d&#8217;Ecologia Funcional i Canvi Global (ECOFUN)<\/a> del <a href=\"http:\/\/www.ctfc.cat\/\">Centre de Ci\u00e8ncia i Tecnologia Forestal de Catalunya (CTFC)<\/a> i la <a href=\"http:\/\/www.udl.es\/ca\/\">Universitat de Lleida (UdL)<\/a> gestiona una estaci\u00f3 experimental, en funcionament des del 2011.<\/p>\n\n\n\n<figure class=\"wp-block-gallery columns-2 is-cropped wp-block-gallery-1 is-layout-flex wp-block-gallery-is-layout-flex\"><ul class=\"blocks-gallery-grid\"><li class=\"blocks-gallery-item\"><figure><img loading=\"lazy\" decoding=\"async\" width=\"1024\" height=\"768\" src=\"https:\/\/farratgem.ecofun.ctfc.cat\/wp-content\/uploads\/2020\/06\/Riart_3-1-1024x768.jpg\" alt=\"\" data-id=\"56\" data-full-url=\"https:\/\/farratgem.ecofun.ctfc.cat\/wp-content\/uploads\/2020\/06\/Riart_3-1.jpg\" data-link=\"https:\/\/farratgem.ecofun.ctfc.cat\/?attachment_id=56#main\" class=\"wp-image-56\" srcset=\"https:\/\/farratgem.ecofun.ctfc.cat\/wp-content\/uploads\/2020\/06\/Riart_3-1-1024x768.jpg 1024w, https:\/\/farratgem.ecofun.ctfc.cat\/wp-content\/uploads\/2020\/06\/Riart_3-1-300x225.jpg 300w, https:\/\/farratgem.ecofun.ctfc.cat\/wp-content\/uploads\/2020\/06\/Riart_3-1-768x576.jpg 768w, https:\/\/farratgem.ecofun.ctfc.cat\/wp-content\/uploads\/2020\/06\/Riart_3-1.jpg 1393w\" sizes=\"auto, (max-width: 1024px) 100vw, 1024px\" \/><\/figure><\/li><li class=\"blocks-gallery-item\"><figure><img loading=\"lazy\" decoding=\"async\" width=\"1024\" height=\"768\" src=\"https:\/\/farratgem.ecofun.ctfc.cat\/wp-content\/uploads\/2020\/06\/Riart_4-1-1024x768.jpg\" alt=\"\" data-id=\"58\" data-full-url=\"https:\/\/farratgem.ecofun.ctfc.cat\/wp-content\/uploads\/2020\/06\/Riart_4-1.jpg\" data-link=\"https:\/\/farratgem.ecofun.ctfc.cat\/?attachment_id=58#main\" class=\"wp-image-58\" srcset=\"https:\/\/farratgem.ecofun.ctfc.cat\/wp-content\/uploads\/2020\/06\/Riart_4-1-1024x768.jpg 1024w, https:\/\/farratgem.ecofun.ctfc.cat\/wp-content\/uploads\/2020\/06\/Riart_4-1-300x225.jpg 300w, https:\/\/farratgem.ecofun.ctfc.cat\/wp-content\/uploads\/2020\/06\/Riart_4-1-768x576.jpg 768w, https:\/\/farratgem.ecofun.ctfc.cat\/wp-content\/uploads\/2020\/06\/Riart_4-1.jpg 1405w\" sizes=\"auto, (max-width: 1024px) 100vw, 1024px\" \/><\/figure><\/li><\/ul><figcaption class=\"blocks-gallery-caption\">Imatges del camp experimental del pla de Riart i de l\u2019equipament de mesura de fluxos turbulents.<\/figcaption><\/figure>\n\n\n\n<p>Aquesta estaci\u00f3 experimental forma part de la xarxa d&#8217;estacions de mesura del Projecte&nbsp;<a href=\"http:\/\/ecofun.ctfc.cat\/fluxpyr\/eng\/index.htm\">FLUXPYR INTERREG-POCTEFA<\/a> i est\u00e0 instrumentalitzada amb equipament de mesura de fluxos turbulents (en angl\u00e8s&nbsp;eddy&nbsp;covariance). Aquest equipament mesura com \u00e9s l&#8217;intercanvi de&nbsp;di\u00f2xid de carboni (CO<sub>2<\/sub>)&nbsp;i aigua&nbsp;entre l&#8217;ecosistema i l&#8217;atmosfera. Aquesta informaci\u00f3 permet determinar el balan\u00e7 de carboni i&nbsp;aigua, i saber si l&#8217;ecosistema est\u00e0 actuant com un embornal o un emissor de C i quin \u00e9s el balan\u00e7 h\u00eddric.&nbsp;<\/p>\n\n\n\n<p>L&#8217;estaci\u00f3 experimental tamb\u00e9 mesura una gran diversitat de par\u00e0metres ambientals, com la temperatura del s\u00f2l i de l&#8217;aire, la radiaci\u00f3 fotosint\u00e8tica,&nbsp;la humitat&nbsp;del s\u00f2l, la precipitaci\u00f3, etc. <\/p>\n\n\n\n<p>A m\u00e9s, al camp del Pla de Riart es&nbsp;sembren de farratges, alternant cereal farratger en monocultiu amb barreges de cereal amb lleguminosa. I, un cop dallada la collita, la vegetaci\u00f3 que&nbsp;rebrota&nbsp;es pastura per un ramat de vaques de forma extensiva.<\/p>\n\n\n\n<div class=\"wp-block-image\"><figure class=\"aligncenter size-large is-resized\"><img loading=\"lazy\" decoding=\"async\" src=\"https:\/\/farratgem.ecofun.ctfc.cat\/wp-content\/uploads\/2020\/06\/f10-1024x343.png\" alt=\"\" class=\"wp-image-57\" width=\"720\" height=\"241\" srcset=\"https:\/\/farratgem.ecofun.ctfc.cat\/wp-content\/uploads\/2020\/06\/f10-1024x343.png 1024w, https:\/\/farratgem.ecofun.ctfc.cat\/wp-content\/uploads\/2020\/06\/f10-300x100.png 300w, https:\/\/farratgem.ecofun.ctfc.cat\/wp-content\/uploads\/2020\/06\/f10-768x257.png 768w, https:\/\/farratgem.ecofun.ctfc.cat\/wp-content\/uploads\/2020\/06\/f10-1536x514.png 1536w, https:\/\/farratgem.ecofun.ctfc.cat\/wp-content\/uploads\/2020\/06\/f10-2048x685.png 2048w\" sizes=\"auto, (max-width: 720px) 100vw, 720px\" \/><figcaption>L\u00ednia&nbsp;temporal de la rotaci\u00f3 de cultius i els&nbsp;per\u00edodes&nbsp;de pasturatge despr\u00e9s del dall. Les l\u00ednies&nbsp;s\u00f2lides&nbsp;indiquen&nbsp;els&nbsp;esdeveniments&nbsp;de sembra i les&nbsp;l\u00ednies&nbsp;discont\u00ednues&nbsp;els dalls. Adaptat de (Iba\u00f1ez et al., 2020)<\/figcaption><\/figure><\/div>\n\n\n\n<p>Tota aquesta informaci\u00f3 permet con\u00e8ixer com la diversitat sembrada influeix sobre l&#8217;intercanvi&nbsp;de&nbsp;CO<sub>2<\/sub>&nbsp;i possibles&nbsp;afeccions&nbsp;per causa del canvi clim\u00e0tic. <\/p>\n\n\n\n<p>En l&#8217;actualitat&nbsp;es disposa d&#8217;una s\u00e8rie de set anys de dades procesades, del 2011 al 2017, que demostren que el tipus de gesti\u00f3, segons <strong>el tipus de farratge sembrat (monocultius de cereal vs. barreges de cereal i lleguminosa)<\/strong>, influeix sobre els b\u00e9ns i serveis del ecosistema, m\u00e9s enll\u00e0&nbsp;de les condicions&nbsp;ambientals de cada any. En concret s&#8217;ha observat que les<strong> barreges de cereal-lleguminosa incrementen l&#8217;assimilaci\u00f3 de&nbsp;CO<sub>2<\/sub>&nbsp;<\/strong>del ecosistema (NEE negatiu), actuant el sistema com un embornal de&nbsp;CO<sub>2<\/sub>,&nbsp;tant anualment (A) com durant el per\u00edode creixement (B).<\/p>\n\n\n\n<div class=\"wp-block-image\"><figure class=\"aligncenter size-large is-resized\"><img loading=\"lazy\" decoding=\"async\" src=\"https:\/\/farratgem.ecofun.ctfc.cat\/wp-content\/uploads\/2020\/06\/f11-1024x732.png\" alt=\"\" class=\"wp-image-59\" width=\"607\" height=\"434\" srcset=\"https:\/\/farratgem.ecofun.ctfc.cat\/wp-content\/uploads\/2020\/06\/f11-1024x732.png 1024w, https:\/\/farratgem.ecofun.ctfc.cat\/wp-content\/uploads\/2020\/06\/f11-300x214.png 300w, https:\/\/farratgem.ecofun.ctfc.cat\/wp-content\/uploads\/2020\/06\/f11-768x549.png 768w, https:\/\/farratgem.ecofun.ctfc.cat\/wp-content\/uploads\/2020\/06\/f11-1536x1097.png 1536w, https:\/\/farratgem.ecofun.ctfc.cat\/wp-content\/uploads\/2020\/06\/f11.png 1653w\" sizes=\"auto, (max-width: 607px) 100vw, 607px\" \/><figcaption>Intercanvi net de CO<sub>2<\/sub> del ecosistema (NEE), (A) balan\u00e7 anual i (B) fase de creixement. Adaptat de Iba\u00f1ez et al. (2020).<\/figcaption><\/figure><\/div>\n\n\n\n<p>A m\u00e9s les barreges de cereal-lleguminosa tamb\u00e9 van afavorir l&#8217;assimilaci\u00f3 neta de&nbsp;CO<sub>2<\/sub>&nbsp;del ecosistema (A) durant la fase de guaret, despr\u00e9s del dall, ja que aquestes van presentar un marcat rebrot de la vegetaci\u00f3 despr\u00e9s del dall (B), el qual va proporcionar aliment pel ramat de pastura extensiva, i va ser decisiu pel balan\u00e7 net anual de&nbsp;CO<sub>2<\/sub>.<\/p>\n\n\n\n<div class=\"wp-block-image\"><figure class=\"aligncenter size-large is-resized\"><img loading=\"lazy\" decoding=\"async\" src=\"https:\/\/farratgem.ecofun.ctfc.cat\/wp-content\/uploads\/2020\/06\/f12-1024x569.png\" alt=\"\" class=\"wp-image-60\" width=\"783\" height=\"435\" srcset=\"https:\/\/farratgem.ecofun.ctfc.cat\/wp-content\/uploads\/2020\/06\/f12-1024x569.png 1024w, https:\/\/farratgem.ecofun.ctfc.cat\/wp-content\/uploads\/2020\/06\/f12-300x167.png 300w, https:\/\/farratgem.ecofun.ctfc.cat\/wp-content\/uploads\/2020\/06\/f12-768x427.png 768w, https:\/\/farratgem.ecofun.ctfc.cat\/wp-content\/uploads\/2020\/06\/f12-1536x853.png 1536w, https:\/\/farratgem.ecofun.ctfc.cat\/wp-content\/uploads\/2020\/06\/f12-2048x1138.png 2048w\" sizes=\"auto, (max-width: 783px) 100vw, 783px\" \/><figcaption>(A) Intercanvi net de CO<sub>2<\/sub> del ecosistema (NEE) i (B) \u00edndex de vegetaci\u00f3 de difer\u00e8ncia normalitzada (NDVI), indicatiu desenvolupament&nbsp;vegetaci\u00f3. Les l\u00ednies&nbsp;s\u00f2lides&nbsp;indiquen&nbsp;els&nbsp;esdeveniments&nbsp;de sembra i les&nbsp;l\u00ednies&nbsp;discont\u00ednues&nbsp;els dalls. Adaptat de Iba\u00f1ez et al. (2020).<\/figcaption><\/figure><\/div>\n\n\n\n<div class=\"wp-block-file\"><a href=\"https:\/\/farratgem.ecofun.ctfc.cat\/wp-content\/uploads\/2020\/10\/panell_eddy.pdf\">Panell divulgatiu: &#8220;El Pla de Riart&#8221;<\/a><a href=\"https:\/\/farratgem.ecofun.ctfc.cat\/wp-content\/uploads\/2020\/10\/panell_eddy.pdf\" class=\"wp-block-file__button\" download>Baixa<\/a><\/div>\n","protected":false},"excerpt":{"rendered":"<p>Un experiment a llarg termini sobre el potencial de mitigaci\u00f3 de canvi clim\u00e0tic de les barreges farratgeres El Pla de Riart (Lladurs;&nbsp;42\u00b0 03&#8242; 48&#8243;&nbsp;N, 1\u00b0 30&#8242; 48&#8243;&nbsp;E) \u00e9s un prat de dall, on el Laboratori d&#8217;Ecologia Funcional i Canvi Global (ECOFUN) del Centre de Ci\u00e8ncia i Tecnologia Forestal de Catalunya (CTFC) i la Universitat de &#8230; <a title=\"Pla de Riart\" class=\"read-more\" href=\"https:\/\/farratgem.ecofun.ctfc.cat\/index.php\/pla-de-riart\/\">Llegiu m\u00e9s <span class=\"screen-reader-text\">Pla de Riart<\/span><\/a><\/p>\n","protected":false},"author":1,"featured_media":0,"parent":0,"menu_order":0,"comment_status":"closed","ping_status":"closed","template":"","meta":{"footnotes":""},"class_list":["post-55","page","type-page","status-publish"],"_links":{"self":[{"href":"https:\/\/farratgem.ecofun.ctfc.cat\/index.php\/wp-json\/wp\/v2\/pages\/55","targetHints":{"allow":["GET"]}}],"collection":[{"href":"https:\/\/farratgem.ecofun.ctfc.cat\/index.php\/wp-json\/wp\/v2\/pages"}],"about":[{"href":"https:\/\/farratgem.ecofun.ctfc.cat\/index.php\/wp-json\/wp\/v2\/types\/page"}],"author":[{"embeddable":true,"href":"https:\/\/farratgem.ecofun.ctfc.cat\/index.php\/wp-json\/wp\/v2\/users\/1"}],"replies":[{"embeddable":true,"href":"https:\/\/farratgem.ecofun.ctfc.cat\/index.php\/wp-json\/wp\/v2\/comments?post=55"}],"version-history":[{"count":9,"href":"https:\/\/farratgem.ecofun.ctfc.cat\/index.php\/wp-json\/wp\/v2\/pages\/55\/revisions"}],"predecessor-version":[{"id":214,"href":"https:\/\/farratgem.ecofun.ctfc.cat\/index.php\/wp-json\/wp\/v2\/pages\/55\/revisions\/214"}],"wp:attachment":[{"href":"https:\/\/farratgem.ecofun.ctfc.cat\/index.php\/wp-json\/wp\/v2\/media?parent=55"}],"curies":[{"name":"wp","href":"https:\/\/api.w.org\/{rel}","templated":true}]}}